{"id":1485,"date":"2022-07-26T14:06:33","date_gmt":"2022-07-26T11:06:33","guid":{"rendered":"http:\/\/pregatimviitorul.ro\/?page_id=1485"},"modified":"2022-12-06T11:39:17","modified_gmt":"2022-12-06T08:39:17","slug":"stiri","status":"publish","type":"page","link":"https:\/\/pregatimviitorul.ro\/en\/stiri\/","title":{"rendered":"News"},"content":{"rendered":"<div class=\"fusion-fullwidth fullwidth-box fusion-builder-row-1 fusion-flex-container nonhundred-percent-fullwidth non-hundred-percent-height-scrolling\" style=\"background-color: var(--awb-color2);background-position: left top;background-repeat: no-repeat;background-blend-mode: screen;border-width: 0px 0px 0px 0px;border-color:var(--awb-color3);border-style:solid;\" ><div class=\"fusion-builder-row fusion-row fusion-flex-align-items-stretch fusion-flex-justify-content-center\" style=\"max-width:calc( 1370px + 0px );margin-left: calc(-0px \/ 2 );margin-right: calc(-0px \/ 2 );\"><div class=\"fusion-layout-column fusion_builder_column fusion-builder-column-0 fusion_builder_column_1_1 1_1 fusion-flex-column\"><div class=\"fusion-column-wrapper fusion-flex-justify-content-flex-start fusion-content-layout-column\" style=\"background-position:left top;background-repeat:no-repeat;-webkit-background-size:cover;-moz-background-size:cover;-o-background-size:cover;background-size:cover;padding: 0px 0px 0px 0px;\"><div class=\"fusion-recent-posts fusion-recent-posts-1 avada-container layout-default layout-columns-3\"><section class=\"fusion-columns columns fusion-columns-3 columns-3\"><article class=\"post fusion-column column col col-lg-4 col-md-4 col-sm-4\"><div class=\"fusion-flexslider fusion-flexslider-loading flexslider flexslider-hover-type-none\"><ul class=\"slides\"><li><a href=\"https:\/\/pregatimviitorul.ro\/en\/concurs-de-talent-si-campionat-de-mini-fotbal-2024\/\" aria-label=\"Concurs de talent \u0219i campionat de mini-fotbal 2024\" class=\"hover-type-none\"><img decoding=\"async\" width=\"700\" height=\"441\" src=\"https:\/\/pregatimviitorul.ro\/wp-content\/uploads\/2025\/10\/476607796_916565003976230_1482289928527640479_n-1-700x441.jpg\" class=\"attachment-recent-posts size-recent-posts lazyload\" alt=\"\" srcset=\"data:image\/svg+xml,%3Csvg%20xmlns%3D%27http%3A%2F%2Fwww.w3.org%2F2000%2Fsvg%27%20width%3D%272048%27%20height%3D%271365%27%20viewBox%3D%270%200%202048%201365%27%3E%3Crect%20width%3D%272048%27%20height%3D%271365%27%20fill-opacity%3D%220%22%2F%3E%3C%2Fsvg%3E\" data-orig-src=\"https:\/\/pregatimviitorul.ro\/wp-content\/uploads\/2025\/10\/476607796_916565003976230_1482289928527640479_n-1-700x441.jpg\" data-srcset=\"https:\/\/pregatimviitorul.ro\/wp-content\/uploads\/2025\/10\/476607796_916565003976230_1482289928527640479_n-1-18x12.jpg 18w, https:\/\/pregatimviitorul.ro\/wp-content\/uploads\/2025\/10\/476607796_916565003976230_1482289928527640479_n-1-320x202.jpg 320w, https:\/\/pregatimviitorul.ro\/wp-content\/uploads\/2025\/10\/476607796_916565003976230_1482289928527640479_n-1-700x441.jpg 700w\" data-sizes=\"auto\" \/><\/a><\/li><\/ul><\/div><div class=\"recent-posts-content\"><span class=\"vcard\" style=\"display: none;\"><span class=\"fn\"><a href=\"https:\/\/pregatimviitorul.ro\/en\/author\/pregatim_rvp\/\" title=\"Posts by pregatim_rvp\" rel=\"author\">pregatim_rvp<\/a><\/span><\/span><span class=\"updated\" style=\"display:none;\">2025-10-21T12:32:49+03:00<\/span><h4 class=\"entry-title\"><a href=\"https:\/\/pregatimviitorul.ro\/en\/concurs-de-talent-si-campionat-de-mini-fotbal-2024\/\">Concurs de talent \u0219i campionat de mini-fotbal 2024<\/a><\/h4><p>Dup\u0103 succesul primelor edi\u021bii ale concursului de talent pentru copii provenind din medii vulnerabile \u0219i ale campionatului de mini-fotbal pentru [...]<\/p><\/div><\/article><article class=\"post fusion-column column col col-lg-4 col-md-4 col-sm-4\"><div class=\"fusion-flexslider fusion-flexslider-loading flexslider flexslider-hover-type-none\"><ul class=\"slides\"><li><a href=\"https:\/\/pregatimviitorul.ro\/en\/continuam-activitatile-la-centrele-de-zi-din-zagar-si-din-ormenis\/\" aria-label=\"Continu\u0103m activit\u0103\u021bile la centrele de zi din Zag\u0103r \u0219i din Ormeni\u0219\" class=\"hover-type-none\"><img decoding=\"async\" width=\"700\" height=\"441\" src=\"https:\/\/pregatimviitorul.ro\/wp-content\/uploads\/2025\/10\/CZ-Ormenis-6-700x441.jpg\" class=\"attachment-recent-posts size-recent-posts lazyload\" alt=\"\" srcset=\"data:image\/svg+xml,%3Csvg%20xmlns%3D%27http%3A%2F%2Fwww.w3.org%2F2000%2Fsvg%27%20width%3D%271600%27%20height%3D%271200%27%20viewBox%3D%270%200%201600%201200%27%3E%3Crect%20width%3D%271600%27%20height%3D%271200%27%20fill-opacity%3D%220%22%2F%3E%3C%2Fsvg%3E\" data-orig-src=\"https:\/\/pregatimviitorul.ro\/wp-content\/uploads\/2025\/10\/CZ-Ormenis-6-700x441.jpg\" data-srcset=\"https:\/\/pregatimviitorul.ro\/wp-content\/uploads\/2025\/10\/CZ-Ormenis-6-320x202.jpg 320w, https:\/\/pregatimviitorul.ro\/wp-content\/uploads\/2025\/10\/CZ-Ormenis-6-700x441.jpg 700w\" data-sizes=\"auto\" \/><\/a><\/li><\/ul><\/div><div class=\"recent-posts-content\"><span class=\"vcard\" style=\"display: none;\"><span class=\"fn\"><a href=\"https:\/\/pregatimviitorul.ro\/en\/author\/pregatim_rvp\/\" title=\"Posts by pregatim_rvp\" rel=\"author\">pregatim_rvp<\/a><\/span><\/span><span class=\"updated\" style=\"display:none;\">2025-10-21T12:28:15+03:00<\/span><h4 class=\"entry-title\"><a href=\"https:\/\/pregatimviitorul.ro\/en\/continuam-activitatile-la-centrele-de-zi-din-zagar-si-din-ormenis\/\">Continu\u0103m activit\u0103\u021bile la centrele de zi din Zag\u0103r \u0219i din Ormeni\u0219<\/a><\/h4><p>\u00cenfiin\u021bate prin proiectul Educ\u0103m prezentul, preg\u0103tim viitorul, centrele de zi din comuna Zag\u0103r \u0219i din satul Ormeni\u0219, comuna Vii\u0219oara, continu\u0103 [...]<\/p><\/div><\/article><article class=\"post fusion-column column col col-lg-4 col-md-4 col-sm-4\"><div class=\"fusion-flexslider fusion-flexslider-loading flexslider flexslider-hover-type-none\"><ul class=\"slides\"><li><a href=\"https:\/\/pregatimviitorul.ro\/en\/1611-2\/\" aria-label=\"Evenimentul de \u00eenchidere a proiectului\" class=\"hover-type-none\"><img decoding=\"async\" width=\"700\" height=\"441\" src=\"https:\/\/pregatimviitorul.ro\/wp-content\/uploads\/2024\/02\/IMG_2845-700x441.jpg\" class=\"attachment-recent-posts size-recent-posts lazyload\" alt=\"\" srcset=\"data:image\/svg+xml,%3Csvg%20xmlns%3D%27http%3A%2F%2Fwww.w3.org%2F2000%2Fsvg%27%20width%3D%272560%27%20height%3D%271707%27%20viewBox%3D%270%200%202560%201707%27%3E%3Crect%20width%3D%272560%27%20height%3D%271707%27%20fill-opacity%3D%220%22%2F%3E%3C%2Fsvg%3E\" data-orig-src=\"https:\/\/pregatimviitorul.ro\/wp-content\/uploads\/2024\/02\/IMG_2845-700x441.jpg\" data-srcset=\"https:\/\/pregatimviitorul.ro\/wp-content\/uploads\/2024\/02\/IMG_2845-18x12.jpg 18w, https:\/\/pregatimviitorul.ro\/wp-content\/uploads\/2024\/02\/IMG_2845-320x202.jpg 320w, https:\/\/pregatimviitorul.ro\/wp-content\/uploads\/2024\/02\/IMG_2845-700x441.jpg 700w\" data-sizes=\"auto\" \/><\/a><\/li><\/ul><\/div><div class=\"recent-posts-content\"><span class=\"vcard\" style=\"display: none;\"><span class=\"fn\"><a href=\"https:\/\/pregatimviitorul.ro\/en\/author\/buckner\/\" title=\"Posts by buckner\" rel=\"author\">buckner<\/a><\/span><\/span><span class=\"updated\" style=\"display:none;\">2024-02-22T18:10:35+03:00<\/span><h4 class=\"entry-title\"><a href=\"https:\/\/pregatimviitorul.ro\/en\/1611-2\/\">Evenimentul de \u00eenchidere a proiectului<\/a><\/h4><p>Evenimentul de \u00eenchidere a proiectului a avut loc \u00een data de 22 februarie 2024, \u00een sala Traffic de la Hotel [...]<\/p><\/div><\/article><article class=\"post fusion-column column col col-lg-4 col-md-4 col-sm-4\"><div class=\"fusion-flexslider fusion-flexslider-loading flexslider flexslider-hover-type-none\"><ul class=\"slides\"><li><a href=\"https:\/\/pregatimviitorul.ro\/en\/expozitie-de-desen-si-pictura-sufletul-nu-are-bariere\/\" aria-label=\"Expozitie de desen si pictura &#8211; \u201eSufletul nu are bariere\u201d\" class=\"hover-type-none\"><img decoding=\"async\" width=\"700\" height=\"441\" src=\"https:\/\/pregatimviitorul.ro\/wp-content\/uploads\/2023\/06\/357110084_239587135511738_3424448638391257240_n-700x441.jpg\" class=\"attachment-recent-posts size-recent-posts lazyload\" alt=\"\" srcset=\"data:image\/svg+xml,%3Csvg%20xmlns%3D%27http%3A%2F%2Fwww.w3.org%2F2000%2Fsvg%27%20width%3D%272048%27%20height%3D%271365%27%20viewBox%3D%270%200%202048%201365%27%3E%3Crect%20width%3D%272048%27%20height%3D%271365%27%20fill-opacity%3D%220%22%2F%3E%3C%2Fsvg%3E\" data-orig-src=\"https:\/\/pregatimviitorul.ro\/wp-content\/uploads\/2023\/06\/357110084_239587135511738_3424448638391257240_n-700x441.jpg\" data-srcset=\"https:\/\/pregatimviitorul.ro\/wp-content\/uploads\/2023\/06\/357110084_239587135511738_3424448638391257240_n-18x12.jpg 18w, https:\/\/pregatimviitorul.ro\/wp-content\/uploads\/2023\/06\/357110084_239587135511738_3424448638391257240_n-320x202.jpg 320w, https:\/\/pregatimviitorul.ro\/wp-content\/uploads\/2023\/06\/357110084_239587135511738_3424448638391257240_n-700x441.jpg 700w\" data-sizes=\"auto\" \/><\/a><\/li><\/ul><\/div><div class=\"recent-posts-content\"><span class=\"vcard\" style=\"display: none;\"><span class=\"fn\"><a href=\"https:\/\/pregatimviitorul.ro\/en\/author\/buckner\/\" title=\"Posts by buckner\" rel=\"author\">buckner<\/a><\/span><\/span><span class=\"updated\" style=\"display:none;\">2023-07-19T00:05:06+03:00<\/span><h4 class=\"entry-title\"><a href=\"https:\/\/pregatimviitorul.ro\/en\/expozitie-de-desen-si-pictura-sufletul-nu-are-bariere\/\">Expozitie de desen si pictura &#8211; \u201eSufletul nu are bariere\u201d<\/a><\/h4><p>Expozitia \u201eSufletul nu are bariere\u201d este cel de al doilea eveniment public din cadrul Activitatii 12 - Campanie anti-discriminare si [...]<\/p><\/div><\/article><article class=\"post fusion-column column col col-lg-4 col-md-4 col-sm-4\"><div class=\"fusion-flexslider fusion-flexslider-loading flexslider flexslider-hover-type-none\"><ul class=\"slides\"><li><a href=\"https:\/\/pregatimviitorul.ro\/en\/ultima-intalnire-de-diseminare-din-cadrul-activitatii-a8\/\" aria-label=\"Ultima intalnire de diseminare din cadrul activitatii A8\" class=\"hover-type-none\"><img decoding=\"async\" width=\"700\" height=\"441\" src=\"https:\/\/pregatimviitorul.ro\/wp-content\/uploads\/2023\/07\/351812504_227918970011888_3811719104521936130_n-700x441.jpg\" class=\"attachment-recent-posts size-recent-posts lazyload\" alt=\"\" srcset=\"data:image\/svg+xml,%3Csvg%20xmlns%3D%27http%3A%2F%2Fwww.w3.org%2F2000%2Fsvg%27%20width%3D%272048%27%20height%3D%271536%27%20viewBox%3D%270%200%202048%201536%27%3E%3Crect%20width%3D%272048%27%20height%3D%271536%27%20fill-opacity%3D%220%22%2F%3E%3C%2Fsvg%3E\" data-orig-src=\"https:\/\/pregatimviitorul.ro\/wp-content\/uploads\/2023\/07\/351812504_227918970011888_3811719104521936130_n-700x441.jpg\" data-srcset=\"https:\/\/pregatimviitorul.ro\/wp-content\/uploads\/2023\/07\/351812504_227918970011888_3811719104521936130_n-320x202.jpg 320w, https:\/\/pregatimviitorul.ro\/wp-content\/uploads\/2023\/07\/351812504_227918970011888_3811719104521936130_n-700x441.jpg 700w\" data-sizes=\"auto\" \/><\/a><\/li><\/ul><\/div><div class=\"recent-posts-content\"><span class=\"vcard\" style=\"display: none;\"><span class=\"fn\"><a href=\"https:\/\/pregatimviitorul.ro\/en\/author\/buckner\/\" title=\"Posts by buckner\" rel=\"author\">buckner<\/a><\/span><\/span><span class=\"updated\" style=\"display:none;\">2023-07-18T23:48:12+03:00<\/span><h4 class=\"entry-title\"><a href=\"https:\/\/pregatimviitorul.ro\/en\/ultima-intalnire-de-diseminare-din-cadrul-activitatii-a8\/\">Ultima intalnire de diseminare din cadrul activitatii A8<\/a><\/h4><p>In data de 07 iunie 2023 a avut loc cea de a treia si ultima intalnire dedicata diseminarii activitatilor in [...]<\/p><\/div><\/article><article class=\"post fusion-column column col col-lg-4 col-md-4 col-sm-4\"><div class=\"fusion-flexslider fusion-flexslider-loading flexslider flexslider-hover-type-none\"><ul class=\"slides\"><li><a href=\"https:\/\/pregatimviitorul.ro\/en\/toti-suntem-copii-eveniment-public-de-1-iunie-2023\/\" aria-label=\"To\u021bi suntem copii &#8211; eveniment public de 1 iunie 2023\" class=\"hover-type-none\"><img decoding=\"async\" width=\"700\" height=\"441\" src=\"https:\/\/pregatimviitorul.ro\/wp-content\/uploads\/2023\/07\/350916714_1415379972558627_1174485554478968915_n-700x441.jpg\" class=\"attachment-recent-posts size-recent-posts lazyload\" alt=\"\" srcset=\"data:image\/svg+xml,%3Csvg%20xmlns%3D%27http%3A%2F%2Fwww.w3.org%2F2000%2Fsvg%27%20width%3D%272048%27%20height%3D%271365%27%20viewBox%3D%270%200%202048%201365%27%3E%3Crect%20width%3D%272048%27%20height%3D%271365%27%20fill-opacity%3D%220%22%2F%3E%3C%2Fsvg%3E\" data-orig-src=\"https:\/\/pregatimviitorul.ro\/wp-content\/uploads\/2023\/07\/350916714_1415379972558627_1174485554478968915_n-700x441.jpg\" data-srcset=\"https:\/\/pregatimviitorul.ro\/wp-content\/uploads\/2023\/07\/350916714_1415379972558627_1174485554478968915_n-18x12.jpg 18w, https:\/\/pregatimviitorul.ro\/wp-content\/uploads\/2023\/07\/350916714_1415379972558627_1174485554478968915_n-320x202.jpg 320w, https:\/\/pregatimviitorul.ro\/wp-content\/uploads\/2023\/07\/350916714_1415379972558627_1174485554478968915_n-700x441.jpg 700w\" data-sizes=\"auto\" \/><\/a><\/li><\/ul><\/div><div class=\"recent-posts-content\"><span class=\"vcard\" style=\"display: none;\"><span class=\"fn\"><a href=\"https:\/\/pregatimviitorul.ro\/en\/author\/buckner\/\" title=\"Posts by buckner\" rel=\"author\">buckner<\/a><\/span><\/span><span class=\"updated\" style=\"display:none;\">2023-07-18T22:10:32+03:00<\/span><h4 class=\"entry-title\"><a href=\"https:\/\/pregatimviitorul.ro\/en\/toti-suntem-copii-eveniment-public-de-1-iunie-2023\/\">To\u021bi suntem copii &#8211; eveniment public de 1 iunie 2023<\/a><\/h4><p>\u201eCopil\u0103ria, mai \u00eentotdeauna treze\u015fte \u00een sufletul nostru un sentiment de melancolie, este v\u00e2rsta la care mugurul omenesc de-abia se deschide [...]<\/p><\/div><\/article><article class=\"post fusion-column column col col-lg-4 col-md-4 col-sm-4\"><div class=\"fusion-flexslider fusion-flexslider-loading flexslider flexslider-hover-type-none\"><ul class=\"slides\"><li><a href=\"https:\/\/pregatimviitorul.ro\/en\/a-doua-intalnire-de-diseminare-in-cadrul-a8-activitatile-de-tip-sds\/\" aria-label=\"A doua intalnire de diseminare in cadrul A8 \u2013 Activitatile de tip SDS\" class=\"hover-type-none\"><img decoding=\"async\" width=\"700\" height=\"441\" src=\"https:\/\/pregatimviitorul.ro\/wp-content\/uploads\/2023\/07\/IMG_8036-700x441.jpg\" class=\"attachment-recent-posts size-recent-posts lazyload\" alt=\"\" srcset=\"data:image\/svg+xml,%3Csvg%20xmlns%3D%27http%3A%2F%2Fwww.w3.org%2F2000%2Fsvg%27%20width%3D%272560%27%20height%3D%271920%27%20viewBox%3D%270%200%202560%201920%27%3E%3Crect%20width%3D%272560%27%20height%3D%271920%27%20fill-opacity%3D%220%22%2F%3E%3C%2Fsvg%3E\" data-orig-src=\"https:\/\/pregatimviitorul.ro\/wp-content\/uploads\/2023\/07\/IMG_8036-700x441.jpg\" data-srcset=\"https:\/\/pregatimviitorul.ro\/wp-content\/uploads\/2023\/07\/IMG_8036-320x202.jpg 320w, https:\/\/pregatimviitorul.ro\/wp-content\/uploads\/2023\/07\/IMG_8036-700x441.jpg 700w\" data-sizes=\"auto\" \/><\/a><\/li><\/ul><\/div><div class=\"recent-posts-content\"><span class=\"vcard\" style=\"display: none;\"><span class=\"fn\"><a href=\"https:\/\/pregatimviitorul.ro\/en\/author\/buckner\/\" title=\"Posts by buckner\" rel=\"author\">buckner<\/a><\/span><\/span><span class=\"updated\" style=\"display:none;\">2023-07-18T21:12:22+03:00<\/span><h4 class=\"entry-title\"><a href=\"https:\/\/pregatimviitorul.ro\/en\/a-doua-intalnire-de-diseminare-in-cadrul-a8-activitatile-de-tip-sds\/\">A doua intalnire de diseminare in cadrul A8 \u2013 Activitatile de tip SDS<\/a><\/h4><p> In data de 28 februarie 2023 a avut loc cea de a doua intalnire dedicata diseminarii activitatilor in cadrul [...]<\/p><\/div><\/article><article class=\"post fusion-column column col col-lg-4 col-md-4 col-sm-4\"><div class=\"fusion-flexslider fusion-flexslider-loading flexslider flexslider-hover-type-none\"><ul class=\"slides\"><li><a href=\"https:\/\/pregatimviitorul.ro\/en\/1580-2\/\" aria-label=\"Eveniment de prezentare a progresului proiectului\" class=\"hover-type-none\"><img decoding=\"async\" width=\"700\" height=\"441\" src=\"https:\/\/pregatimviitorul.ro\/wp-content\/uploads\/2023\/07\/Evenimente-publice-4-700x441.jpeg\" class=\"attachment-recent-posts size-recent-posts lazyload\" alt=\"\" srcset=\"data:image\/svg+xml,%3Csvg%20xmlns%3D%27http%3A%2F%2Fwww.w3.org%2F2000%2Fsvg%27%20width%3D%271024%27%20height%3D%27768%27%20viewBox%3D%270%200%201024%20768%27%3E%3Crect%20width%3D%271024%27%20height%3D%27768%27%20fill-opacity%3D%220%22%2F%3E%3C%2Fsvg%3E\" data-orig-src=\"https:\/\/pregatimviitorul.ro\/wp-content\/uploads\/2023\/07\/Evenimente-publice-4-700x441.jpeg\" data-srcset=\"https:\/\/pregatimviitorul.ro\/wp-content\/uploads\/2023\/07\/Evenimente-publice-4-320x202.jpeg 320w, https:\/\/pregatimviitorul.ro\/wp-content\/uploads\/2023\/07\/Evenimente-publice-4-700x441.jpeg 700w\" data-sizes=\"auto\" \/><\/a><\/li><\/ul><\/div><div class=\"recent-posts-content\"><span class=\"vcard\" style=\"display: none;\"><span class=\"fn\"><a href=\"https:\/\/pregatimviitorul.ro\/en\/author\/buckner\/\" title=\"Posts by buckner\" rel=\"author\">buckner<\/a><\/span><\/span><span class=\"updated\" style=\"display:none;\">2023-07-18T21:21:15+03:00<\/span><h4 class=\"entry-title\"><a href=\"https:\/\/pregatimviitorul.ro\/en\/1580-2\/\">Eveniment de prezentare a progresului proiectului<\/a><\/h4><p>\u00cen data de 15 Februarie 2023 a avut loc primul seminar de prezentare a progesului \u00eenregistrat \u00een cadrul proiectului \u00een [...]<\/p><\/div><\/article><article class=\"post fusion-column column col col-lg-4 col-md-4 col-sm-4\"><div class=\"fusion-flexslider fusion-flexslider-loading flexslider flexslider-hover-type-none\"><ul class=\"slides\"><li><a href=\"https:\/\/pregatimviitorul.ro\/en\/prima-intalnire-de-diseminare-in-cadrul-a8-activitatile-de-tip-sds\/\" aria-label=\"Prima intalnire de diseminare in cadrul A8 \u2013 Activitatile de tip SDS\" class=\"hover-type-none\"><img decoding=\"async\" width=\"700\" height=\"441\" src=\"https:\/\/pregatimviitorul.ro\/wp-content\/uploads\/2022\/12\/WhatsApp-Image-2022-11-25-at-09.49.59-700x441.jpeg\" class=\"attachment-recent-posts size-recent-posts lazyload\" alt=\"\" srcset=\"data:image\/svg+xml,%3Csvg%20xmlns%3D%27http%3A%2F%2Fwww.w3.org%2F2000%2Fsvg%27%20width%3D%271600%27%20height%3D%271200%27%20viewBox%3D%270%200%201600%201200%27%3E%3Crect%20width%3D%271600%27%20height%3D%271200%27%20fill-opacity%3D%220%22%2F%3E%3C%2Fsvg%3E\" data-orig-src=\"https:\/\/pregatimviitorul.ro\/wp-content\/uploads\/2022\/12\/WhatsApp-Image-2022-11-25-at-09.49.59-700x441.jpeg\" data-srcset=\"https:\/\/pregatimviitorul.ro\/wp-content\/uploads\/2022\/12\/WhatsApp-Image-2022-11-25-at-09.49.59-320x202.jpeg 320w, https:\/\/pregatimviitorul.ro\/wp-content\/uploads\/2022\/12\/WhatsApp-Image-2022-11-25-at-09.49.59-700x441.jpeg 700w\" data-sizes=\"auto\" \/><\/a><\/li><\/ul><\/div><div class=\"recent-posts-content\"><span class=\"vcard\" style=\"display: none;\"><span class=\"fn\"><a href=\"https:\/\/pregatimviitorul.ro\/en\/author\/pregatim_rvp\/\" title=\"Posts by pregatim_rvp\" rel=\"author\">pregatim_rvp<\/a><\/span><\/span><span class=\"updated\" style=\"display:none;\">2022-12-06T11:35:33+03:00<\/span><h4 class=\"entry-title\"><a href=\"https:\/\/pregatimviitorul.ro\/en\/prima-intalnire-de-diseminare-in-cadrul-a8-activitatile-de-tip-sds\/\">Prima intalnire de diseminare in cadrul A8 \u2013 Activitatile de tip SDS<\/a><\/h4><p> In data de 23.11.2022 a avut loc o prima intalnire dedicata diseminarii activitatilor in cadrul A8 - ACTIVITATILE DE [...]<\/p><\/div><\/article><article class=\"post fusion-column column col col-lg-4 col-md-4 col-sm-4\"><div class=\"fusion-flexslider fusion-flexslider-loading flexslider flexslider-hover-type-none\"><ul class=\"slides\"><li><a href=\"https:\/\/pregatimviitorul.ro\/en\/a-inceput-identificarea-grupului-tinta-in-comuna-zagar\/\" aria-label=\"The identification of the target group in Zag\u0103r commune has begun\" class=\"hover-type-none\"><img decoding=\"async\" width=\"700\" height=\"441\" src=\"https:\/\/pregatimviitorul.ro\/wp-content\/uploads\/2022\/07\/Zagar-1-700x441.jpg\" class=\"attachment-recent-posts size-recent-posts lazyload\" alt=\"\" srcset=\"data:image\/svg+xml,%3Csvg%20xmlns%3D%27http%3A%2F%2Fwww.w3.org%2F2000%2Fsvg%27%20width%3D%271024%27%20height%3D%27683%27%20viewBox%3D%270%200%201024%20683%27%3E%3Crect%20width%3D%271024%27%20height%3D%27683%27%20fill-opacity%3D%220%22%2F%3E%3C%2Fsvg%3E\" data-orig-src=\"https:\/\/pregatimviitorul.ro\/wp-content\/uploads\/2022\/07\/Zagar-1-700x441.jpg\" data-srcset=\"https:\/\/pregatimviitorul.ro\/wp-content\/uploads\/2022\/07\/Zagar-1-320x202.jpg 320w, https:\/\/pregatimviitorul.ro\/wp-content\/uploads\/2022\/07\/Zagar-1-700x441.jpg 700w\" data-sizes=\"auto\" \/><\/a><\/li><\/ul><\/div><div class=\"recent-posts-content\"><span class=\"vcard\" style=\"display: none;\"><span class=\"fn\"><a href=\"https:\/\/pregatimviitorul.ro\/en\/author\/pregatim_rvp\/\" title=\"Posts by pregatim_rvp\" rel=\"author\">pregatim_rvp<\/a><\/span><\/span><span class=\"updated\" style=\"display:none;\">2022-07-26T14:01:59+03:00<\/span><h4 class=\"entry-title\"><a href=\"https:\/\/pregatimviitorul.ro\/en\/a-inceput-identificarea-grupului-tinta-in-comuna-zagar\/\">The identification of the target group in Zag\u0103r commune has begun<\/a><\/h4><p> In June 2022, the implementation of the project also began in Zag\u0103r Commune. The first step was familiarizing the team of partner [...]<\/p><\/div><\/article><article class=\"post fusion-column column col col-lg-4 col-md-4 col-sm-4\"><div class=\"fusion-flexslider fusion-flexslider-loading flexslider flexslider-hover-type-none\"><ul class=\"slides\"><li><a href=\"https:\/\/pregatimviitorul.ro\/en\/curs-de-comunicare-pentru-profesori-in-tarnaveni\/\" aria-label=\"Communication course for teachers in Tarn\u0103veni\" class=\"hover-type-none\"><img decoding=\"async\" width=\"700\" height=\"441\" src=\"https:\/\/pregatimviitorul.ro\/wp-content\/uploads\/2022\/07\/Comunicare-5-700x441.jpg\" class=\"attachment-recent-posts size-recent-posts lazyload\" alt=\"\" srcset=\"data:image\/svg+xml,%3Csvg%20xmlns%3D%27http%3A%2F%2Fwww.w3.org%2F2000%2Fsvg%27%20width%3D%271024%27%20height%3D%27683%27%20viewBox%3D%270%200%201024%20683%27%3E%3Crect%20width%3D%271024%27%20height%3D%27683%27%20fill-opacity%3D%220%22%2F%3E%3C%2Fsvg%3E\" data-orig-src=\"https:\/\/pregatimviitorul.ro\/wp-content\/uploads\/2022\/07\/Comunicare-5-700x441.jpg\" data-srcset=\"https:\/\/pregatimviitorul.ro\/wp-content\/uploads\/2022\/07\/Comunicare-5-320x202.jpg 320w, https:\/\/pregatimviitorul.ro\/wp-content\/uploads\/2022\/07\/Comunicare-5-700x441.jpg 700w\" data-sizes=\"auto\" \/><\/a><\/li><\/ul><\/div><div class=\"recent-posts-content\"><span class=\"vcard\" style=\"display: none;\"><span class=\"fn\"><a href=\"https:\/\/pregatimviitorul.ro\/en\/author\/pregatim_rvp\/\" title=\"Posts by pregatim_rvp\" rel=\"author\">pregatim_rvp<\/a><\/span><\/span><span class=\"updated\" style=\"display:none;\">2022-09-22T00:54:58+03:00<\/span><h4 class=\"entry-title\"><a href=\"https:\/\/pregatimviitorul.ro\/en\/curs-de-comunicare-pentru-profesori-in-tarnaveni\/\">Communication course for teachers in Tarn\u0103veni<\/a><\/h4><p> During April 27-28, 2022, a communication course was held in T\u00eern\u0103veni Municipality held by Mr. Rudy [...]<\/p><\/div><\/article><article class=\"post fusion-column column col col-lg-4 col-md-4 col-sm-4\"><div class=\"fusion-flexslider fusion-flexslider-loading flexslider flexslider-hover-type-none\"><ul class=\"slides\"><li><a href=\"https:\/\/pregatimviitorul.ro\/en\/evenimentul-de-lansare-a-proiectului\/\" aria-label=\"The project launch event\" class=\"hover-type-none\"><img decoding=\"async\" width=\"700\" height=\"441\" src=\"https:\/\/pregatimviitorul.ro\/wp-content\/uploads\/2021\/01\/Lansare-700x441.jpg\" class=\"attachment-recent-posts size-recent-posts lazyload\" alt=\"\" srcset=\"data:image\/svg+xml,%3Csvg%20xmlns%3D%27http%3A%2F%2Fwww.w3.org%2F2000%2Fsvg%27%20width%3D%271024%27%20height%3D%27618%27%20viewBox%3D%270%200%201024%20618%27%3E%3Crect%20width%3D%271024%27%20height%3D%27618%27%20fill-opacity%3D%220%22%2F%3E%3C%2Fsvg%3E\" data-orig-src=\"https:\/\/pregatimviitorul.ro\/wp-content\/uploads\/2021\/01\/Lansare-700x441.jpg\" data-srcset=\"https:\/\/pregatimviitorul.ro\/wp-content\/uploads\/2021\/01\/Lansare-320x202.jpg 320w, https:\/\/pregatimviitorul.ro\/wp-content\/uploads\/2021\/01\/Lansare-700x441.jpg 700w\" data-sizes=\"auto\" \/><\/a><\/li><\/ul><\/div><div class=\"recent-posts-content\"><span class=\"vcard\" style=\"display: none;\"><span class=\"fn\"><a href=\"https:\/\/pregatimviitorul.ro\/en\/author\/pregatim_rvp\/\" title=\"Posts by pregatim_rvp\" rel=\"author\">pregatim_rvp<\/a><\/span><\/span><span class=\"updated\" style=\"display:none;\">2022-07-26T13:53:33+03:00<\/span><h4 class=\"entry-title\"><a href=\"https:\/\/pregatimviitorul.ro\/en\/evenimentul-de-lansare-a-proiectului\/\">The project launch event<\/a><\/h4><p> The project launch event took place on April 14, 2022 at the T\u00e2rn\u0103veni Cultural Center, made available by the T\u00e2rn\u0103veni City Hall [...]<\/p><\/div><\/article><\/section><\/div><\/div><style type=\"text\/css\">.fusion-body .fusion-builder-column-0{width:100% !important;margin-top : 0px;margin-bottom : 20px;}.fusion-builder-column-0 > .fusion-column-wrapper {padding-top : 0px !important;padding-right : 0px !important;margin-right : 0;padding-bottom : 0px !important;padding-left : 0px !important;margin-left : 0;}@media only screen and (max-width:1265px) {.fusion-body .fusion-builder-column-0{width:100% !important;order : 0;}.fusion-builder-column-0 > .fusion-column-wrapper {margin-right : 0;margin-left : 0;}}@media only screen and (max-width:820px) {.fusion-body .fusion-builder-column-0{width:100% !important;order : 0;}.fusion-builder-column-0 > .fusion-column-wrapper {margin-right : 0;margin-left : 0;}}<\/style><\/div><\/div><style type=\"text\/css\">.fusion-body .fusion-flex-container.fusion-builder-row-1{ padding-top : 60px;margin-top : 0px;padding-right : 0px;padding-bottom : 60px;margin-bottom : 0px;padding-left : 0px;}@media only screen and (max-width:1265px) {.fusion-body .fusion-flex-container.fusion-builder-row-1{ padding-top : 0px;padding-bottom : 0px;}}@media only screen and (max-width:820px) {.fusion-body .fusion-flex-container.fusion-builder-row-1{ padding-top : 0;}}<\/style><\/div>","protected":false},"excerpt":{"rendered":"","protected":false},"author":1,"featured_media":0,"parent":0,"menu_order":0,"comment_status":"closed","ping_status":"closed","template":"100-width.php","meta":{"footnotes":""},"class_list":["post-1485","page","type-page","status-publish","hentry"],"_links":{"self":[{"href":"https:\/\/pregatimviitorul.ro\/en\/wp-json\/wp\/v2\/pages\/1485","targetHints":{"allow":["GET"]}}],"collection":[{"href":"https:\/\/pregatimviitorul.ro\/en\/wp-json\/wp\/v2\/pages"}],"about":[{"href":"https:\/\/pregatimviitorul.ro\/en\/wp-json\/wp\/v2\/types\/page"}],"author":[{"embeddable":true,"href":"https:\/\/pregatimviitorul.ro\/en\/wp-json\/wp\/v2\/users\/1"}],"replies":[{"embeddable":true,"href":"https:\/\/pregatimviitorul.ro\/en\/wp-json\/wp\/v2\/comments?post=1485"}],"version-history":[{"count":5,"href":"https:\/\/pregatimviitorul.ro\/en\/wp-json\/wp\/v2\/pages\/1485\/revisions"}],"predecessor-version":[{"id":1569,"href":"https:\/\/pregatimviitorul.ro\/en\/wp-json\/wp\/v2\/pages\/1485\/revisions\/1569"}],"wp:attachment":[{"href":"https:\/\/pregatimviitorul.ro\/en\/wp-json\/wp\/v2\/media?parent=1485"}],"curies":[{"name":"wp","href":"https:\/\/api.w.org\/{rel}","templated":true}]}}